{"id":73,"date":"2023-12-05T14:31:34","date_gmt":"2023-12-05T13:31:34","guid":{"rendered":"https:\/\/haus-meilinger.at\/si\/?page_id=73"},"modified":"2023-12-06T12:46:36","modified_gmt":"2023-12-06T11:46:36","slug":"slike-apartma2","status":"publish","type":"page","link":"https:\/\/www.haus-meilinger.at\/si\/slike-apartma2\/","title":{"rendered":"Slike Apartma 2"},"content":{"rendered":"\n<h2 class=\"wp-block-heading\">Slike<\/h2>\n\n\n<div class=\"menu-bildernavigation-container\"><ul id=\"menu-bildernavigation\" class=\"menu\"><li id=\"menu-item-123\" class=\"menu-item menu-item-type-post_type menu-item-object-page menu-item-123\"><a href=\"https:\/\/www.haus-meilinger.at\/si\/slike-apartma1\/\">Apartma 1 s savno<\/a><\/li>\n<li id=\"menu-item-122\" class=\"menu-item menu-item-type-post_type menu-item-object-page menu-item-122\"><a href=\"https:\/\/www.haus-meilinger.at\/si\/slike-apartma2\/\">Apartma 2<\/a><\/li>\n<li id=\"menu-item-121\" class=\"menu-item menu-item-type-post_type menu-item-object-page menu-item-121\"><a href=\"https:\/\/www.haus-meilinger.at\/si\/slike-apartma3\/\">Apartma 3<\/a><\/li>\n<li id=\"menu-item-119\" class=\"menu-item menu-item-type-post_type menu-item-object-page menu-item-119\"><a href=\"https:\/\/www.haus-meilinger.at\/si\/slike-zunanjega-pogleda\/\">Zunanjega pogleda<\/a><\/li>\n<li id=\"menu-item-124\" class=\"menu-item menu-item-type-post_type menu-item-object-page menu-item-124\"><a href=\"https:\/\/www.haus-meilinger.at\/si\/slike-panoramski-pogled\/\">Panoramski pogled<\/a><\/li>\n<li id=\"menu-item-120\" class=\"menu-item menu-item-type-post_type menu-item-object-page menu-item-120\"><a href=\"https:\/\/www.haus-meilinger.at\/si\/slike-okolice\/\">Okolice<\/a><\/li>\n<\/ul><\/div>\n\n\n\n<section id=\"bilder\" class=\"wp-block-group is-layout-flow wp-block-group-is-layout-flow\">\n<figure class=\"wp-block-image size-full\"><img decoding=\"async\" src=\"https:\/\/www.haus-meilinger.at\/wp-content\/uploads\/2023\/06\/Wohnung2-Wohnbereich-und-Kueche.jpg\" alt=\"Po\u010ditni\u0161ka hi\u0161a Meilinger v Obertauernu \u2013 dnevni prostor in kuhinja apartmaja 2 v prvem nadstropju\" class=\"wp-image-371\"\/><\/figure>\n\n\n\n<figure class=\"wp-block-image size-full\"><img decoding=\"async\" src=\"https:\/\/www.haus-meilinger.at\/wp-content\/uploads\/2023\/06\/Wohnung2-Schlafzimmer.jpg\" alt=\"Enosobno stanovanje 2 v prvem nadstropju po\u010ditni\u0161ke hi\u0161e Meilinger v Obertauernu\" class=\"wp-image-372\"\/><\/figure>\n\n\n\n<div class=\"wp-block-columns is-layout-flex wp-container-core-columns-layout-1 wp-block-columns-is-layout-flex\">\n<div class=\"wp-block-column is-layout-flow wp-block-column-is-layout-flow\">\n<figure class=\"wp-block-image size-full\"><img decoding=\"async\" src=\"https:\/\/www.haus-meilinger.at\/wp-content\/uploads\/2023\/06\/Wohnung2-Stockbetten.jpg\" alt=\"Po\u010ditni\u0161ka hi\u0161a Meilinger v Obertauernu \u2013 pogradi v eni spalnici apartmaja2\" class=\"wp-image-373\"\/><\/figure>\n<\/div>\n\n\n\n<div class=\"wp-block-column is-layout-flow wp-block-column-is-layout-flow\">\n<figure class=\"wp-block-image size-full\"><img decoding=\"async\" src=\"https:\/\/www.haus-meilinger.at\/wp-content\/uploads\/2023\/06\/Wohnung2-Maisonette-1.jpg\" alt=\"Mezoneta kot del apartmaja 2 v po\u010ditni\u0161ki hi\u0161i Meilinger v Obertauernu\" class=\"wp-image-374\"\/><\/figure>\n<\/div>\n<\/div>\n\n\n\n<div class=\"wp-block-columns is-layout-flex wp-container-core-columns-layout-2 wp-block-columns-is-layout-flex\" id=\"video\">\n<div class=\"wp-block-column is-layout-flow wp-block-column-is-layout-flow\">\n<p>Video o stanovanju 2<\/p>\n\n\n\n<div style=\"padding:75% 0 0 0;position:relative;\"><div class=\"BorlabsCookie _brlbs-cb-vimeo\"><div class=\"_brlbs-content-blocker\"> <div class=\"_brlbs-embed _brlbs-video-vimeo\"> <img class=\"_brlbs-thumbnail\" src=\"https:\/\/www.haus-meilinger.at\/si\/wp-content\/plugins\/borlabs-cookie\/assets\/images\/cb-no-thumbnail.png\" alt=\"Vimeo\"> <div class=\"_brlbs-caption\"> <p>By loading the video, you agree to Vimeo's privacy policy.<br><a href=\"https:\/\/vimeo.com\/privacy\" target=\"_blank\" rel=\"nofollow noopener noreferrer\">Learn more<\/a><\/p> <p><a class=\"_brlbs-btn _brlbs-icon-play-white\" href=\"#\" data-borlabs-cookie-unblock role=\"button\">Load video<\/a><\/p> <p><label><input type=\"checkbox\" name=\"unblockAll\" value=\"1\" checked> <small>Always unblock Vimeo<\/small><\/label><\/p> <\/div> <\/div> <\/div><div class=\"borlabs-hide\" data-borlabs-cookie-type=\"content-blocker\" data-borlabs-cookie-id=\"vimeo\"><script type=\"text\/template\">PGlmcmFtZSBzcmM9Imh0dHBzOi8vcGxheWVyLnZpbWVvLmNvbS92aWRlby81NTIxMzcwNj90aXRsZT0wIiBzdHlsZT0icG9zaXRpb246YWJzb2x1dGU7dG9wOjA7bGVmdDowO3dpZHRoOjEwMCU7aGVpZ2h0OjEwMCU7IiB3ZWJraXRhbGxvd2Z1bGxzY3JlZW49IiIgbW96YWxsb3dmdWxsc2NyZWVuPSIiIGFsbG93ZnVsbHNjcmVlbj0iIiBmcmFtZWJvcmRlcj0iMCI+PC9pZnJhbWU+<\/script><\/div><\/div><\/div>\n<\/div>\n\n\n\n<div class=\"wp-block-column is-layout-flow wp-block-column-is-layout-flow\">\n<p>&nbsp;<\/p>\n\n\n\n<figure class=\"wp-block-image size-full alignright\"><img decoding=\"async\" src=\"https:\/\/www.haus-meilinger.at\/wp-content\/uploads\/2023\/06\/Wohnung2-Dusche.jpg\" alt=\"Tu\u0161 v apartmaju 2 v po\u010ditni\u0161ki hi\u0161i Meilinger v Obertauernu\" class=\"wp-image-375\"\/><\/figure>\n<\/div>\n<\/div>\n<\/section>\n","protected":false},"excerpt":{"rendered":"<p>Video o stanovanju 2 By loading the video, you agree to Vimeo&#8217;s privacy policy.Learn more Load video Always unblock Vimeo &nbsp;<\/p>\n","protected":false},"author":1,"featured_media":0,"parent":0,"menu_order":0,"comment_status":"closed","ping_status":"closed","template":"","meta":{"footnotes":""},"aioseo_notices":[],"_links":{"self":[{"href":"https:\/\/www.haus-meilinger.at\/si\/wp-json\/wp\/v2\/pages\/73"}],"collection":[{"href":"https:\/\/www.haus-meilinger.at\/si\/wp-json\/wp\/v2\/pages"}],"about":[{"href":"https:\/\/www.haus-meilinger.at\/si\/wp-json\/wp\/v2\/types\/page"}],"author":[{"embeddable":true,"href":"https:\/\/www.haus-meilinger.at\/si\/wp-json\/wp\/v2\/users\/1"}],"replies":[{"embeddable":true,"href":"https:\/\/www.haus-meilinger.at\/si\/wp-json\/wp\/v2\/comments?post=73"}],"version-history":[{"count":2,"href":"https:\/\/www.haus-meilinger.at\/si\/wp-json\/wp\/v2\/pages\/73\/revisions"}],"predecessor-version":[{"id":183,"href":"https:\/\/www.haus-meilinger.at\/si\/wp-json\/wp\/v2\/pages\/73\/revisions\/183"}],"wp:attachment":[{"href":"https:\/\/www.haus-meilinger.at\/si\/wp-json\/wp\/v2\/media?parent=73"}],"curies":[{"name":"wp","href":"https:\/\/api.w.org\/{rel}","templated":true}]}}