{"id":2,"date":"2023-12-05T10:58:34","date_gmt":"2023-12-05T09:58:34","guid":{"rendered":"https:\/\/haus-meilinger.at\/si\/?page_id=2"},"modified":"2023-12-06T09:24:08","modified_gmt":"2023-12-06T08:24:08","slug":"beispiel-seite","status":"publish","type":"page","link":"https:\/\/www.haus-meilinger.at\/si\/","title":{"rendered":"Doma\u010da stran"},"content":{"rendered":"\n<figure class=\"wp-block-image size-full centred\"><img decoding=\"async\" src=\"https:\/\/www.haus-meilinger.at\/wp-content\/uploads\/2023\/06\/Logo-Haus-Meilinger.png\" alt=\"Haus Meilinger v Obertauernu: Rezervirate ga lahko za poletno in zimsko sezono\" class=\"wp-image-54\"\/><\/figure>\n\n\n\n<div class=\"wp-block-columns season-selector is-layout-flex wp-container-core-columns-layout-1 wp-block-columns-is-layout-flex\">\n<div class=\"wp-block-column overlay-anchor is-layout-flow wp-block-column-is-layout-flow\">\n<figure class=\"wp-block-image size-full\"><img decoding=\"async\" src=\"https:\/\/www.haus-meilinger.at\/wp-content\/uploads\/2023\/06\/Ferienhaus-Meilinger-Sommer.png\" alt=\"Poletna sezona v po\u010ditni\u0161ki hi\u0161i Meilinger v Obertauernu\" class=\"wp-image-26\"\/><\/figure>\n\n\n\n<div class=\"wp-block-group overlay is-nowrap is-layout-flex wp-container-core-group-layout-1 wp-block-group-is-layout-flex\">\n<figure class=\"wp-block-image size-full select-summer\"><a href=\"\/saison?new=summer\"><img decoding=\"async\" src=\"https:\/\/www.haus-meilinger.at\/wp-content\/uploads\/2023\/06\/Sommer.png\" alt=\"\" class=\"wp-image-37\"\/><\/a><\/figure>\n\n\n\n<h2 class=\"wp-block-heading\"><a href=\"\/saison?new=summer\" title=\"\">Poletje<\/a><\/h2>\n<\/div>\n<\/div>\n\n\n\n<div class=\"wp-block-column overlay-anchor is-layout-flow wp-block-column-is-layout-flow\">\n<figure class=\"wp-block-image size-full\"><img decoding=\"async\" src=\"https:\/\/www.haus-meilinger.at\/wp-content\/uploads\/2023\/06\/Ferienhaus-Meilinger-Winter.png\" alt=\"Zimska sezona v po\u010ditni\u0161ki hi\u0161i Meilinger v Obertauernu\" class=\"wp-image-27\"\/><\/figure>\n\n\n\n<div class=\"wp-block-group overlay is-nowrap is-layout-flex wp-container-core-group-layout-2 wp-block-group-is-layout-flex\">\n<figure class=\"wp-block-image size-full select-winter\"><a href=\"\/saison?new=winter\"><img decoding=\"async\" src=\"https:\/\/www.haus-meilinger.at\/wp-content\/uploads\/2023\/06\/Winter.png\" alt=\"\" class=\"wp-image-47\"\/><\/a><\/figure>\n\n\n\n<h2 class=\"wp-block-heading\"><a href=\"\/saison?new=winter\" title=\"\">Pozimi<\/a><\/h2>\n<\/div>\n<\/div>\n<\/div>\n\n","protected":false},"excerpt":{"rendered":"","protected":false},"author":1,"featured_media":0,"parent":0,"menu_order":0,"comment_status":"closed","ping_status":"closed","template":"","meta":{"footnotes":""},"aioseo_notices":[],"_links":{"self":[{"href":"https:\/\/www.haus-meilinger.at\/si\/wp-json\/wp\/v2\/pages\/2"}],"collection":[{"href":"https:\/\/www.haus-meilinger.at\/si\/wp-json\/wp\/v2\/pages"}],"about":[{"href":"https:\/\/www.haus-meilinger.at\/si\/wp-json\/wp\/v2\/types\/page"}],"author":[{"embeddable":true,"href":"https:\/\/www.haus-meilinger.at\/si\/wp-json\/wp\/v2\/users\/1"}],"replies":[{"embeddable":true,"href":"https:\/\/www.haus-meilinger.at\/si\/wp-json\/wp\/v2\/comments?post=2"}],"version-history":[{"count":2,"href":"https:\/\/www.haus-meilinger.at\/si\/wp-json\/wp\/v2\/pages\/2\/revisions"}],"predecessor-version":[{"id":11,"href":"https:\/\/www.haus-meilinger.at\/si\/wp-json\/wp\/v2\/pages\/2\/revisions\/11"}],"wp:attachment":[{"href":"https:\/\/www.haus-meilinger.at\/si\/wp-json\/wp\/v2\/media?parent=2"}],"curies":[{"name":"wp","href":"https:\/\/api.w.org\/{rel}","templated":true}]}}